{"id":10225,"date":"2019-06-20T05:00:42","date_gmt":"2019-06-20T09:00:42","guid":{"rendered":"https:\/\/cep.lndo.site\/commentary\/i-tesalonicenses-5-1-11\/"},"modified":"2024-10-30T11:04:24","modified_gmt":"2024-10-30T15:04:24","slug":"i-tesalonicenses-5-1-11","status":"publish","type":"commentary","link":"https:\/\/cepreaching.org\/es\/commentary\/leopoldo-cervantes-ortiz\/i-tesalonicenses-5-1-11\/","title":{"rendered":"I Tesalonicenses 5.1-11"},"content":{"rendered":"<p>Nosotros, en cambio, que pertenecemos al d\u00eda, vivamos sobriamente, armados con la coraza de la fe y del amor y con el casco protector de la esperanza de la salvaci\u00f3n.<\/p>\n<p>I Tesalonicenses 5.8, <em>La Palabra (Hispanoam\u00e9rica)<\/em><\/p>\n<p><strong>Trasfondo b\u00edblico<\/strong><\/p>\n<p>La primera carta a la comunidad de Tesal\u00f3nica, ciudad griega de Macedonia, primer documento escrito del Nuevo Testamento (alrededor del a\u00f1o 51 d.C.), concluye con una exhortaci\u00f3n a la fidelidad en la espera continua de la nueva manifestaci\u00f3n del Se\u00f1or Jesucristo, anunciada por \u00e9l y en la que se basa la esperanza fundamental de las iglesias de todos los tiempos. Semejante fundamento de la fe deb\u00eda ser para ellos\/as el ancla principal de su existencia para sobrevivir en medio de todas las circunstancias porque uno de los puntos esenciales de la carta es la afirmaci\u00f3n sobre el contraste que definir\u00eda a los creyentes: \u201cAs\u00ed no estar\u00e1n tristes como lo est\u00e1n los que carecen de esperanza\u201d (4.13b).<\/p>\n<p><strong>La fe, firme en los corazones<\/strong><\/p>\n<p>Precisamente la esperanza deber\u00eda caracterizar a los tesalonicenses como seguidores de Jes\u00fas de Nazaret en el mundo. La gran diferencia entre ellos y sus vecinos y contempor\u00e1neos ten\u00eda que aflorar en cualquier momento. Esta carta estaba \u201cinspirada por la apocal\u00edptica judaica y por el trasfondo de algunos cultos populares de salvaci\u00f3n en Macedonia, y afirmada por la promesa del Crucificado que resucita, levanta su esperanza como espacio de vida frente a las fuerzas de la opresi\u00f3n y la muerte\u201d, como comenta el pastor metodista N\u00e9stor M\u00edguez.<\/p>\n<p>Las primeras palabras del cap. 5 son elocuentes para advertir que la certeza de la fe en la segunda venida ya est\u00e1 afianzada en sus corazones (vv. 1-2) y que, ante cualquier signo exterior que pudiera poner en crisis su esperanza y fe (parad\u00f3jicamente, la afirmaci\u00f3n de que todo marcha maravillosamente, v. 3), la comunidad cuenta con recursos espirituales s\u00f3lidos para resistir y sobreponerse. La certeza de lo que Dios ha hecho en t\u00e9rminos de salvaci\u00f3n en el pasado reciente y har\u00e1 en el futuro es la garant\u00eda de que ser\u00e1n sostenidos como comunidad a partir de ese momento.<\/p>\n<p>Efectivamente \u00bfqu\u00e9 esperanza de sobrevivir, de llegar a imponer su existencia e ideolog\u00eda en el contexto del Imperio Romano tiene este grupo humano \u2014la naciente iglesia cristiana\u2014? \u00bfqu\u00e9 sentido tienen esta fe, estas luchas, estos padecimientos y hasta la misma muerte para estos artesanos de Tesal\u00f3nica y para sus hermanos de otras regiones, que no pasan de ser una min\u00fascula fracci\u00f3n social perdida en la poderosa maquinaria del principado romano y frente a la s\u00f3lida hegemon\u00eda de su clase fundamental? (N. M\u00edguez)<\/p>\n<p><strong>Una fe luminosa que vence a las tinieblas<\/strong><\/p>\n<p>S\u00f3lo una fe constante y luminosa, \u201chermana del d\u00eda\u201d, podr\u00eda sostener y consolidar esta comunidad que luchaba contra la corriente dominante de las tinieblas (v. 4). Los hijos\/as de Dios pertenecen al imperio de la luz (v. 5) y est\u00e1n vigilantes ante cualquier acechanza de las fuerzas oscuras (v. 6). Nada de lo que hacen corresponde a ellas (v. 7) y su \u00e9tica individual y social debe ser impecable: \u201c\u2026vivamos sobriamente, armados con la coraza de la fe y del amor y con el casco protector de la esperanza de la salvaci\u00f3n\u201d (v. 8). Fe y amor consistentes (la coraza), adem\u00e1s de una esperanza a toda prueba en la salvaci\u00f3n son los pilares de la existencia cristiana.<\/p>\n<p>\u00c9se es el origen de la esperanza en alcanzar plenamente la salvaci\u00f3n (el casco protector) obtenida por el Se\u00f1or (v. 9), quien se entreg\u00f3 totalmente para obtenerla y superar los lazos de la muerte para que en cualquier dimensi\u00f3n los creyentes est\u00e9n con \u00e9l (v. 10). El \u00e1nimo mutuo y la praxis solidaria de fe proceden de todo ello (v. 11) y en ellos basa la iglesia todas sus posibilidades de sobrevivencia.<\/p>\n<p><strong>Conclusi\u00f3n<\/strong><\/p>\n<p>\u00c9se es el origen de la esperanza en alcanzar plenamente la salvaci\u00f3n (el casco protector) obtenida por el Se\u00f1or (v. 9), quien se entreg\u00f3 totalmente para obtenerla y superar los lazos de la muerte para que en cualquier dimensi\u00f3n los creyentes est\u00e9n con \u00e9l (v. 10). El \u00e1nimo mutuo y la praxis solidaria de fe proceden de todo ello (v. 11) y en ellos basa la iglesia todas sus posibilidades de sobrevivencia. La visi\u00f3n adecuada del presente y del futuro, en la mirada de los disc\u00edpulos\/as de Jes\u00fas, forja un balance que les permite afrontar las pruebas, tentaciones y exigencias. La presencia del Jes\u00fas resucitado en medio de ellos ser\u00eda capaz de levantarlos permanentemente para responder a lo que se esperaba de la comunidad cristiana. El horizonte futuro de la esperanza cristiana iluminaba sus vidas con un fulgor que nada ni nadie lo podr\u00eda apagar. \u00c9se es el fundamento del diario caminar de las comunidades de hijos e hijas de Dios.<\/p>\n<p><strong>\u00a0<\/strong><strong>Sugerencias de lectura<\/strong><\/p>\n<p>N\u00e9stor M\u00edguez, \u201cPara no quedar sin esperanza. La apocal\u00edptica de Pablo en 1 Ts como lenguaje de esperanza\u201d, en <em>RIBLA, <\/em>2\u00aa ed., 2000, n\u00fam. 7, pp. 41-58, <a href=\"https:\/\/www.centrobiblicoquito.org\/images\/ribla\/7.pdf\">www<em>.centrobiblicoquito.org\/images\/ribla\/7.pdf<\/em><\/a><em>.<\/em><\/p>\n<p>Michel Trimaille, <em>La primera carta a los Tesalonicenses. <\/em>Estella, Verbo Divino, 1982 (Cuadernos b\u00edblicos, 39), <em><a href=\"https:\/\/mercaba.org\/ORARHOY\/FOLLETOS%20EVD\/039_la_primera_carta_a_los_tesalonicenses_-_michel_trimaille.pdf\">https:\/\/mercaba.org\/ORARHOY\/FOLLETOS%20EVD\/039_la_primera_carta_a_los_tesalonicenses_-_michel_trimaille.pdf<\/a>.<\/em><\/p>\n<p>Sen\u00e9n Vidal, <em>El primer escrito cristiano. Texto biling\u00fce y comentario de 1 Tesalonicenses. <\/em>Salamanca, S\u00edgueme, 2006 (Biblioteca de estudios b\u00edblicos minor, 9).<\/p>\n","protected":false},"author":1,"featured_media":0,"template":"","categories":[],"rcl_weeks":[],"authors":[4146],"biblical_books":[5572],"class_list":["post-10225","commentary","type-commentary","status-publish","hentry","authors-leopoldo-cervantes-ortiz","biblical_books-1-tesalonicenses-5"],"acf":{"biblical_books":[5572],"type":"non-rcl","legacy_slug":"","legacy_id":"","author":4146,"keywords":"","rcl_week":false,"sunday_name":"","year":"","date":null,"lectionary":"gospel","description":""},"yoast_head":"<!-- This site is optimized with the Yoast SEO plugin v26.4 - https:\/\/yoast.com\/wordpress\/plugins\/seo\/ -->\n<title>I Tesalonicenses 5.1-11 - Center for Excellence in Preaching<\/title>\n<meta name=\"robots\" content=\"index, follow, max-snippet:-1, max-image-preview:large, max-video-preview:-1\" \/>\n<link rel=\"canonical\" href=\"https:\/\/cepreaching.org\/es\/commentary\/leopoldo-cervantes-ortiz\/i-tesalonicenses-5-1-11\/\" \/>\n<meta property=\"og:locale\" content=\"es_ES\" \/>\n<meta property=\"og:type\" content=\"article\" \/>\n<meta property=\"og:title\" content=\"I Tesalonicenses 5.1-11 - Center for Excellence in Preaching\" \/>\n<meta property=\"og:description\" content=\"Nosotros, en cambio, que pertenecemos al d\u00eda, vivamos sobriamente, armados con la coraza de la fe y del amor y con el casco protector de la esperanza de la salvaci\u00f3n. I Tesalonicenses 5.8, La Palabra (Hispanoam\u00e9rica) Trasfondo b\u00edblico La primera carta a la comunidad de Tesal\u00f3nica, ciudad griega de Macedonia, primer documento escrito del Nuevo&hellip;\" \/>\n<meta property=\"og:url\" content=\"https:\/\/cepreaching.org\/es\/commentary\/leopoldo-cervantes-ortiz\/i-tesalonicenses-5-1-11\/\" \/>\n<meta property=\"og:site_name\" content=\"Center for Excellence in Preaching\" \/>\n<meta property=\"article:publisher\" content=\"https:\/\/www.facebook.com\/cepreaching\" \/>\n<meta property=\"article:modified_time\" content=\"2024-10-30T15:04:24+00:00\" \/>\n<meta name=\"twitter:card\" content=\"summary_large_image\" \/>\n<meta name=\"twitter:site\" content=\"@calvinseminary\" \/>\n<meta name=\"twitter:label1\" content=\"Tiempo de lectura\" \/>\n\t<meta name=\"twitter:data1\" content=\"4 minutos\" \/>\n<script type=\"application\/ld+json\" class=\"yoast-schema-graph\">{\"@context\":\"https:\/\/schema.org\",\"@graph\":[{\"@type\":\"WebPage\",\"@id\":\"https:\/\/cepreaching.org\/es\/commentary\/leopoldo-cervantes-ortiz\/i-tesalonicenses-5-1-11\/\",\"url\":\"https:\/\/cepreaching.org\/es\/commentary\/leopoldo-cervantes-ortiz\/i-tesalonicenses-5-1-11\/\",\"name\":\"I Tesalonicenses 5.1-11 - Center for Excellence in Preaching\",\"isPartOf\":{\"@id\":\"https:\/\/cepreaching.org\/es\/#website\"},\"datePublished\":\"2019-06-20T09:00:42+00:00\",\"dateModified\":\"2024-10-30T15:04:24+00:00\",\"breadcrumb\":{\"@id\":\"https:\/\/cepreaching.org\/es\/commentary\/leopoldo-cervantes-ortiz\/i-tesalonicenses-5-1-11\/#breadcrumb\"},\"inLanguage\":\"es\",\"potentialAction\":[{\"@type\":\"ReadAction\",\"target\":[\"https:\/\/cepreaching.org\/es\/commentary\/leopoldo-cervantes-ortiz\/i-tesalonicenses-5-1-11\/\"]}]},{\"@type\":\"BreadcrumbList\",\"@id\":\"https:\/\/cepreaching.org\/es\/commentary\/leopoldo-cervantes-ortiz\/i-tesalonicenses-5-1-11\/#breadcrumb\",\"itemListElement\":[{\"@type\":\"ListItem\",\"position\":1,\"name\":\"Home\",\"item\":\"https:\/\/cepreaching.org\/es\/\"},{\"@type\":\"ListItem\",\"position\":2,\"name\":\"I Tesalonicenses 5.1-11\"}]},{\"@type\":\"WebSite\",\"@id\":\"https:\/\/cepreaching.org\/es\/#website\",\"url\":\"https:\/\/cepreaching.org\/es\/\",\"name\":\"Center for Excellence in Preaching\",\"description\":\"\",\"publisher\":{\"@id\":\"https:\/\/cepreaching.org\/es\/#organization\"},\"potentialAction\":[{\"@type\":\"SearchAction\",\"target\":{\"@type\":\"EntryPoint\",\"urlTemplate\":\"https:\/\/cepreaching.org\/es\/?s={search_term_string}\"},\"query-input\":{\"@type\":\"PropertyValueSpecification\",\"valueRequired\":true,\"valueName\":\"search_term_string\"}}],\"inLanguage\":\"es\"},{\"@type\":\"Organization\",\"@id\":\"https:\/\/cepreaching.org\/es\/#organization\",\"name\":\"Center for Excellence in Preaching\",\"url\":\"https:\/\/cepreaching.org\/es\/\",\"logo\":{\"@type\":\"ImageObject\",\"inLanguage\":\"es\",\"@id\":\"https:\/\/cepreaching.org\/es\/#\/schema\/logo\/image\/\",\"url\":\"https:\/\/cepreaching.org\/wp-content\/uploads\/2021\/08\/ceplogo.png\",\"contentUrl\":\"https:\/\/cepreaching.org\/wp-content\/uploads\/2021\/08\/ceplogo.png\",\"width\":100,\"height\":100,\"caption\":\"Center for Excellence in Preaching\"},\"image\":{\"@id\":\"https:\/\/cepreaching.org\/es\/#\/schema\/logo\/image\/\"},\"sameAs\":[\"https:\/\/www.facebook.com\/cepreaching\",\"https:\/\/x.com\/calvinseminary\"]}]}<\/script>\n<!-- \/ Yoast SEO plugin. -->","yoast_head_json":{"title":"I Tesalonicenses 5.1-11 - Center for Excellence in Preaching","robots":{"index":"index","follow":"follow","max-snippet":"max-snippet:-1","max-image-preview":"max-image-preview:large","max-video-preview":"max-video-preview:-1"},"canonical":"https:\/\/cepreaching.org\/es\/commentary\/leopoldo-cervantes-ortiz\/i-tesalonicenses-5-1-11\/","og_locale":"es_ES","og_type":"article","og_title":"I Tesalonicenses 5.1-11 - Center for Excellence in Preaching","og_description":"Nosotros, en cambio, que pertenecemos al d\u00eda, vivamos sobriamente, armados con la coraza de la fe y del amor y con el casco protector de la esperanza de la salvaci\u00f3n. I Tesalonicenses 5.8, La Palabra (Hispanoam\u00e9rica) Trasfondo b\u00edblico La primera carta a la comunidad de Tesal\u00f3nica, ciudad griega de Macedonia, primer documento escrito del Nuevo&hellip;","og_url":"https:\/\/cepreaching.org\/es\/commentary\/leopoldo-cervantes-ortiz\/i-tesalonicenses-5-1-11\/","og_site_name":"Center for Excellence in Preaching","article_publisher":"https:\/\/www.facebook.com\/cepreaching","article_modified_time":"2024-10-30T15:04:24+00:00","twitter_card":"summary_large_image","twitter_site":"@calvinseminary","twitter_misc":{"Tiempo de lectura":"4 minutos"},"schema":{"@context":"https:\/\/schema.org","@graph":[{"@type":"WebPage","@id":"https:\/\/cepreaching.org\/es\/commentary\/leopoldo-cervantes-ortiz\/i-tesalonicenses-5-1-11\/","url":"https:\/\/cepreaching.org\/es\/commentary\/leopoldo-cervantes-ortiz\/i-tesalonicenses-5-1-11\/","name":"I Tesalonicenses 5.1-11 - Center for Excellence in Preaching","isPartOf":{"@id":"https:\/\/cepreaching.org\/es\/#website"},"datePublished":"2019-06-20T09:00:42+00:00","dateModified":"2024-10-30T15:04:24+00:00","breadcrumb":{"@id":"https:\/\/cepreaching.org\/es\/commentary\/leopoldo-cervantes-ortiz\/i-tesalonicenses-5-1-11\/#breadcrumb"},"inLanguage":"es","potentialAction":[{"@type":"ReadAction","target":["https:\/\/cepreaching.org\/es\/commentary\/leopoldo-cervantes-ortiz\/i-tesalonicenses-5-1-11\/"]}]},{"@type":"BreadcrumbList","@id":"https:\/\/cepreaching.org\/es\/commentary\/leopoldo-cervantes-ortiz\/i-tesalonicenses-5-1-11\/#breadcrumb","itemListElement":[{"@type":"ListItem","position":1,"name":"Home","item":"https:\/\/cepreaching.org\/es\/"},{"@type":"ListItem","position":2,"name":"I Tesalonicenses 5.1-11"}]},{"@type":"WebSite","@id":"https:\/\/cepreaching.org\/es\/#website","url":"https:\/\/cepreaching.org\/es\/","name":"Center for Excellence in Preaching","description":"","publisher":{"@id":"https:\/\/cepreaching.org\/es\/#organization"},"potentialAction":[{"@type":"SearchAction","target":{"@type":"EntryPoint","urlTemplate":"https:\/\/cepreaching.org\/es\/?s={search_term_string}"},"query-input":{"@type":"PropertyValueSpecification","valueRequired":true,"valueName":"search_term_string"}}],"inLanguage":"es"},{"@type":"Organization","@id":"https:\/\/cepreaching.org\/es\/#organization","name":"Center for Excellence in Preaching","url":"https:\/\/cepreaching.org\/es\/","logo":{"@type":"ImageObject","inLanguage":"es","@id":"https:\/\/cepreaching.org\/es\/#\/schema\/logo\/image\/","url":"https:\/\/cepreaching.org\/wp-content\/uploads\/2021\/08\/ceplogo.png","contentUrl":"https:\/\/cepreaching.org\/wp-content\/uploads\/2021\/08\/ceplogo.png","width":100,"height":100,"caption":"Center for Excellence in Preaching"},"image":{"@id":"https:\/\/cepreaching.org\/es\/#\/schema\/logo\/image\/"},"sameAs":["https:\/\/www.facebook.com\/cepreaching","https:\/\/x.com\/calvinseminary"]}]}},"_links":{"self":[{"href":"https:\/\/cepreaching.org\/es\/wp-json\/wp\/v2\/commentary\/10225","targetHints":{"allow":["GET"]}}],"collection":[{"href":"https:\/\/cepreaching.org\/es\/wp-json\/wp\/v2\/commentary"}],"about":[{"href":"https:\/\/cepreaching.org\/es\/wp-json\/wp\/v2\/types\/commentary"}],"author":[{"embeddable":true,"href":"https:\/\/cepreaching.org\/es\/wp-json\/wp\/v2\/users\/1"}],"version-history":[{"count":0,"href":"https:\/\/cepreaching.org\/es\/wp-json\/wp\/v2\/commentary\/10225\/revisions"}],"acf:term":[{"embeddable":true,"taxonomy":"authors","href":"https:\/\/cepreaching.org\/es\/wp-json\/wp\/v2\/authors\/4146"},{"embeddable":true,"taxonomy":"biblical_books","href":"https:\/\/cepreaching.org\/es\/wp-json\/wp\/v2\/biblical_books\/5572"}],"wp:attachment":[{"href":"https:\/\/cepreaching.org\/es\/wp-json\/wp\/v2\/media?parent=10225"}],"wp:term":[{"taxonomy":"category","embeddable":true,"href":"https:\/\/cepreaching.org\/es\/wp-json\/wp\/v2\/categories?post=10225"},{"taxonomy":"rcl_weeks","embeddable":true,"href":"https:\/\/cepreaching.org\/es\/wp-json\/wp\/v2\/rcl_weeks?post=10225"},{"taxonomy":"authors","embeddable":true,"href":"https:\/\/cepreaching.org\/es\/wp-json\/wp\/v2\/authors?post=10225"},{"taxonomy":"biblical_books","embeddable":true,"href":"https:\/\/cepreaching.org\/es\/wp-json\/wp\/v2\/biblical_books?post=10225"}],"curies":[{"name":"wp","href":"https:\/\/api.w.org\/{rel}","templated":true}]}}