{"id":10254,"date":"2018-11-29T06:00:23","date_gmt":"2018-11-29T11:00:23","guid":{"rendered":"https:\/\/cep.lndo.site\/commentary\/juan-1-1-14-2\/"},"modified":"2024-10-29T15:21:39","modified_gmt":"2024-10-29T19:21:39","slug":"juan-1-1-14-2","status":"publish","type":"commentary","link":"https:\/\/cepreaching.org\/es\/commentary\/leopoldo-cervantes-ortiz\/juan-1-1-14-2\/","title":{"rendered":"Juan 1.1-14"},"content":{"rendered":"<p><strong>NAVIDAD Y LIBERTAD EN EL MUNDO ACTUAL <\/strong><\/p>\n<p>Aquel que es la Palabra<br \/>\nhabit\u00f3 entre nosotros<br \/>\ny fue como uno de nosotros.<\/p>\n<p>Vimos el poder que le pertenece<br \/>\ncomo Hijo \u00fanico de Dios,<br \/>\npues nos ha mostrado<br \/>\ntodo el amor y toda la verdad.<\/p>\n<p>Juan 1.14, <em>Traducci\u00f3n en Lenguaje Actual<\/em><\/p>\n<p><strong>Trasfondo b\u00edblico-doctrinal<\/strong><\/p>\n<p>La manera en que el Cuarto Evangelio introduce el mensaje de Jes\u00fas parecer\u00eda chocar con la imagen tradicional de la Navidad, pero lo cierto es que esta versi\u00f3n de la obra salvadora, aunque no incluya los detalles habituales es una indagaci\u00f3n muy profunda en los motivos que Dios tuvo para hacer nacer a su Hijo en el mundo. Las primeras palabras (1.1-2), referidas a los momentos m\u00e1s remotos (\u201cEn el principio\u201d) remiten inevitablemente al G\u00e9nesis y colocan la palabra <em>Logos <\/em>(\u201cpalabra, sentido, raz\u00f3n de ser\u201d) como el eje alrededor del cual se va a narrar teol\u00f3gicamente todo lo sucedido. Jes\u00fas de Nazaret, presentado aqu\u00ed como el <em>Logos<\/em>, como la Palabra fundante, siempre estuvo cerca, al lado de, frente a Dios. \u201c\u2026y el <em>Logos<\/em> era Dios\u201d (1.1b), se subraya, con lo que la compa\u00f1\u00eda de Dios era un encuentro continuo, din\u00e1mico con aquella realidad que vendr\u00eda al mundo a dar el sentido completo al esfuerzo de revelaci\u00f3n del triunfo de la luz sobre las tinieblas. Hubo un di\u00e1logo fraterno en la eternidad divina, como si el Padre y el Hijo se hubieran puesto de acuerdo para llevar a cabo la Encarnaci\u00f3n: un pacto de gracia entre ellos para realizar la obra redentora e iluminadora.<\/p>\n<p><strong>Encarnaci\u00f3n y libertad: lectura \u201cnavide\u00f1a\u201d de Juan 1<\/strong><\/p>\n<p>Una \u201clectura navide\u00f1a\u201d del Cuarto Evangelio necesariamente se debe ocupar de mirar al Creador en compa\u00f1\u00eda de la Palabra (Juan 1.3), esa presencia (femenina, por cierto) mostrada tan intensamente por la literatura sapiencial (Proverbios 8.22-30) para destacar la calidad de la creaci\u00f3n divina. \u201cSin \u00e9l nada fue hecho\u201d (v. 3b): \u201cla Palabra creativa de Dios fue la fuente de la vida [\u2026] Y si la humanidad la hubiera realizado, la vida aportada por esta Palabra era su luz, la luz dada por Dios para caminar en ella (no debemos olvidar que la luz fue la primera cosa creada\u201d (Raymond Brown). El texto habla ya del rechazo humano a la luz divina (Juan 3.19), es decir, a la manifestaci\u00f3n de su rechazo a la maldad antes y despu\u00e9s de la manifestaci\u00f3n de la presencia humana del Logos en el mundo. En otras palabras, Dios siempre ha deseado que su luz ilumine al mundo para superar la maldad y el pecado.<\/p>\n<p>Estamos, as\u00ed, ante un himno cristol\u00f3gico que celebra la venida del Hijo de Dios al mundo como el advenimiento de la vida: la identificaci\u00f3n de \u00e9sta con la luz (v. 5). Este pr\u00f3logo del Evangelio describe al Hijo en el cielo y su descenso al mundo para iluminar su oscuridad y redimirlo. La obra de Dios se manifiesta mediante un doble esfuerzo: por un lado, es como si este pasaje nos mostrara los \u201cpreparativos\u201d de Dios para enviar a su Hijo y, por otro, la lucha por establecer en el mundo los valores de la vida que s\u00f3lo vienen de \u00c9l. Eso, en constante conflicto aludido por la frase: \u201cLa luz en las tinieblas resplandece, y las tinieblas no se sostienen ante ella (v. 5)\u201d. El texto subraya que la oscuridad no ha podido (ni podr\u00e1) imponerse a la luz. Su presencia en el mundo es lo que hay que vencer, pero de antemano se destaca su incapacidad para derrotar los prop\u00f3sitos divinos. Pablo se referir\u00e1 a ella cuando hable de algo tan po\u00e9tico y pr\u00e1ctico como \u201clas armas de la luz\u201d (Romanos 13.12). Un ejemplo de apego a ella es la figura de Juan (Juan 1.6-8), quien sin ser la luz era portador y anunciador de la misma. \u00c9l vino a dar testimonio de \u201cla humanidad de la luz\u201d (R. Brown) y su labor de precursor es reconocida ampliamente porque estuvo en funci\u00f3n de \u201cque todos creyesen por \u00e9l\u201d.<\/p>\n<p><strong>\u00a0<\/strong><strong>El esquema luz-tinieblas y su aplicaci\u00f3n a la obra de Jes\u00fas<\/strong><\/p>\n<p>La luz es la gran met\u00e1fora divina que sirve para mostrar la forma en que el <em>Logos<\/em> se abrir\u00e1 paso en el mundo. Es, pues, un gran motivo navide\u00f1o que se destaca de m\u00faltiples maneras, tal como lo hizo, por ejemplo, un creyente como el pintor Vincent van Gogh en su insistencia por los girasoles, flores enamoradas de la luz, s\u00edmbolo de la fe apegada a ella (V. Fern\u00e1ndez de Moya). Esa \u201cluz verdadera\u201d (v. 9), frase t\u00edpica del vocabulario juanino, ven\u00eda a este mundo a confrontarse con \u00e9l, dominado por la oscuridad (J. Mateos y J. Barreto). \u00c9sta, simbolizada sobre todo por los jud\u00edos, rechazar\u00eda el impacto de la luz encarnizadamente (como dan testimonio los 12 primeros cap\u00edtulos del libro). \u201cEn el mundo estaba, pero el mundo no lo conoci\u00f3\u201d (v. 10): ven\u00eda a su lugar propio (\u201clo suyo, los suyos\u201d, v. 11), pero \u00e9ste lo rechaz\u00f3 tajantemente. Pero algunos creyeron, y esos hombres y mujeres obtuvieron la filiaci\u00f3n divina (v. 12): \u201cEl Hijo pudo exhalar su Esp\u00edritu de nueva vida sobre \u00e9stos\/as, igual que Dios exhal\u00f3 el esp\u00edritu de vida sobre Ad\u00e1n. Habr\u00eda ahora una nueva creaci\u00f3n para reemplazar la antigua que hab\u00eda rechazado a Dios. Los creyentes son aquellos a quienes el Padre le ha dado al Hijo, a quienes predestin\u00f3 mediante una predestinaci\u00f3n que se manifiesta al hacer la buena obra de Dios\u201d (J. Mateos y J. Barreto). Esta nueva filiaci\u00f3n los coloc\u00f3 al lado mismo del Hijo de Dios, no engendrado por voluntad humana (v. 13), otro motivo \u201cnavide\u00f1o\u201d tradicional que alude a la nueva forma de vida a la que son llamados los hijos e hijas de Dios.<\/p>\n<p>El v. 14, aut\u00e9ntica cumbre teol\u00f3gica sobre la Encarnaci\u00f3n del Hijo de Dios en el mundo, destaca el hecho supremo de la verdadera entrada del <em>Logos<\/em> en el mundo y se\u00f1ala tambi\u00e9n la realidad de un \u201cnuevo pacto\u201d inspirado en el antiguo. Por eso la frase que le sigue a la afirmaci\u00f3n \u201cY aquel <em>Logos<\/em> se encarn\u00f3\u201d es, literalmente: \u201cy estableci\u00f3 su tabern\u00e1culo\/tienda entre nosotros\u201d (\u201chabit\u00f3 entre nosotros, los seres humanos\u201d). El autor del Cuarto Evangelio, en lucha frontal contra el docetismo (que afirmaba la falsedad de la humanidad de Jes\u00fas) intenta subrayar la humanidad del Hijo de Dios por sobre todas las cosas. En el nuevo pacto, la humanidad de la Palabra, su carne, viene a ser la suprema localizaci\u00f3n de la presencia divina y su gloria. Se destaca lo divino y lo humano de Jes\u00fas al mismo tiempo. La gracia y la verdad que rodean al <em>Logos<\/em>, son las de Dios mismo. De todo esto dio testimonio Juan y anunci\u00f3 que \u201cde su plenitud nos servir\u00edamos todos\u201d (v. 16), como afirmaci\u00f3n sublime de la gracia y la verdad divinas, no ya el predominio de la ley.<\/p>\n<p><strong>Conclusi\u00f3n<\/strong><\/p>\n<p>La libertad a la que son llamados los hijos e hijas de Dios se fundamenta en este trabajo divino por superar a la ley. El Hijo vino a superar a Mois\u00e9s mediante la eliminaci\u00f3n del legalismo y el inicio de una nueva relaci\u00f3n de vida y luz con Dios. Si \u201ca Dios nadie lo vio jam\u00e1s\u201d (v. 18), el \u00fanico Hijo, quien brot\u00f3 de las entra\u00f1as (<em>kolpon<\/em>) del Padre (F.J. Moloney), \u201cha venido a darlo a conocer\u201d(18b). S\u00f3lo \u00e9l, conoci\u00e9ndolo desde su eternidad, puede manifestarlo plenamente. \u00c9sta es la raz\u00f3n de la libertad plena, aquella que subrayar\u00e1 el propio Jes\u00fas cuando establecer\u00e1 su relaci\u00f3n con el conocimiento de la verdad, \u00fanica posibilidad de liberaci\u00f3n completa de todas las esclavitudes. Esto es apenas el principio de la lucha de Jes\u00fas, <em>la Luz- de-Dios-en-el-mundo, <\/em>para establecer la libertad en el mundo. En ese esfuerzo, seg\u00fan el testimonio del Cuarto Evangelio, lo acompa\u00f1\u00f3 la comunidad que reivindic\u00f3 y justific\u00f3 su escritura y pr\u00e1ctica en medio de la oposici\u00f3n, principalmente del juda\u00edsmo tradicional. Es por eso que en este Evangelio la voz de una comunidad creyente acompa\u00f1a la proclamaci\u00f3n y la pr\u00e1ctica de la libertad de los hijos e hijas de Dios y su grito traspasa la historia para mostrar la manera en que Dios ha estado siempre del lado de los seres humanos libres de toda forma de opresi\u00f3n (Franz Hinkelammert).<\/p>\n<p><strong>Sugerencias de lectura<\/strong><\/p>\n<ul>\n<li>Raymond Brown, <em>The Gospel and Epistles of John. A concise commentary. <\/em>Collegeville, The Liturgical Press, 1988.<\/li>\n<li>V\u00edctor Fern\u00e1ndez de Moya, \u201cLos girasoles de Vincent van Gogh\u201d, en Arquitectura y Cristianismo, 5 de marzo de 2015.<\/li>\n<li>Franz Hinkelammert, <em>El grito del sujeto: del teatro-mundo del evangelio de Juan al perro-mundo de la globalizaci\u00f3n. <\/em>San Jos\u00e9, DEI, 1998.<\/li>\n<li>Juan Mateos y Juan Barreto, <em>Vocabulario teol\u00f3gico del Evangelio de Juan. <\/em>Madrid, Cristiandad, 1980.<\/li>\n<li>Francis J. Moloney, <em>El Evangelio de Juan. <\/em>Estella, Verbo Divino, 2005.<\/li>\n<\/ul>\n","protected":false},"author":1,"featured_media":0,"template":"","categories":[],"rcl_weeks":[],"authors":[4146],"biblical_books":[5445],"class_list":["post-10254","commentary","type-commentary","status-publish","hentry","authors-leopoldo-cervantes-ortiz","biblical_books-juan-1"],"acf":{"biblical_books":[5445],"type":"non-rcl","legacy_slug":"","legacy_id":"","author":4146,"keywords":"","rcl_week":false,"sunday_name":"","year":"","date":null,"lectionary":"gospel","description":""},"yoast_head":"<!-- This site is optimized with the Yoast SEO plugin v26.4 - https:\/\/yoast.com\/wordpress\/plugins\/seo\/ -->\n<title>Juan 1.1-14 - Center for Excellence in Preaching<\/title>\n<meta name=\"robots\" content=\"index, follow, max-snippet:-1, max-image-preview:large, max-video-preview:-1\" \/>\n<link rel=\"canonical\" href=\"https:\/\/cepreaching.org\/es\/commentary\/leopoldo-cervantes-ortiz\/juan-1-1-14-2\/\" \/>\n<meta property=\"og:locale\" content=\"es_ES\" \/>\n<meta property=\"og:type\" content=\"article\" \/>\n<meta property=\"og:title\" content=\"Juan 1.1-14 - Center for Excellence in Preaching\" \/>\n<meta property=\"og:description\" content=\"NAVIDAD Y LIBERTAD EN EL MUNDO ACTUAL Aquel que es la Palabra habit\u00f3 entre nosotros y fue como uno de nosotros. Vimos el poder que le pertenece como Hijo \u00fanico de Dios, pues nos ha mostrado todo el amor y toda la verdad. Juan 1.14, Traducci\u00f3n en Lenguaje Actual Trasfondo b\u00edblico-doctrinal La manera en que&hellip;\" \/>\n<meta property=\"og:url\" content=\"https:\/\/cepreaching.org\/es\/commentary\/leopoldo-cervantes-ortiz\/juan-1-1-14-2\/\" \/>\n<meta property=\"og:site_name\" content=\"Center for Excellence in Preaching\" \/>\n<meta property=\"article:publisher\" content=\"https:\/\/www.facebook.com\/cepreaching\" \/>\n<meta property=\"article:modified_time\" content=\"2024-10-29T19:21:39+00:00\" \/>\n<meta name=\"twitter:card\" content=\"summary_large_image\" \/>\n<meta name=\"twitter:site\" content=\"@calvinseminary\" \/>\n<meta name=\"twitter:label1\" content=\"Tiempo de lectura\" \/>\n\t<meta name=\"twitter:data1\" content=\"7 minutos\" \/>\n<script type=\"application\/ld+json\" class=\"yoast-schema-graph\">{\"@context\":\"https:\/\/schema.org\",\"@graph\":[{\"@type\":\"WebPage\",\"@id\":\"https:\/\/cepreaching.org\/es\/commentary\/leopoldo-cervantes-ortiz\/juan-1-1-14-2\/\",\"url\":\"https:\/\/cepreaching.org\/es\/commentary\/leopoldo-cervantes-ortiz\/juan-1-1-14-2\/\",\"name\":\"Juan 1.1-14 - Center for Excellence in Preaching\",\"isPartOf\":{\"@id\":\"https:\/\/cepreaching.org\/es\/#website\"},\"datePublished\":\"2018-11-29T11:00:23+00:00\",\"dateModified\":\"2024-10-29T19:21:39+00:00\",\"breadcrumb\":{\"@id\":\"https:\/\/cepreaching.org\/es\/commentary\/leopoldo-cervantes-ortiz\/juan-1-1-14-2\/#breadcrumb\"},\"inLanguage\":\"es\",\"potentialAction\":[{\"@type\":\"ReadAction\",\"target\":[\"https:\/\/cepreaching.org\/es\/commentary\/leopoldo-cervantes-ortiz\/juan-1-1-14-2\/\"]}]},{\"@type\":\"BreadcrumbList\",\"@id\":\"https:\/\/cepreaching.org\/es\/commentary\/leopoldo-cervantes-ortiz\/juan-1-1-14-2\/#breadcrumb\",\"itemListElement\":[{\"@type\":\"ListItem\",\"position\":1,\"name\":\"Home\",\"item\":\"https:\/\/cepreaching.org\/es\/\"},{\"@type\":\"ListItem\",\"position\":2,\"name\":\"Juan 1.1-14\"}]},{\"@type\":\"WebSite\",\"@id\":\"https:\/\/cepreaching.org\/es\/#website\",\"url\":\"https:\/\/cepreaching.org\/es\/\",\"name\":\"Center for Excellence in Preaching\",\"description\":\"\",\"publisher\":{\"@id\":\"https:\/\/cepreaching.org\/es\/#organization\"},\"potentialAction\":[{\"@type\":\"SearchAction\",\"target\":{\"@type\":\"EntryPoint\",\"urlTemplate\":\"https:\/\/cepreaching.org\/es\/?s={search_term_string}\"},\"query-input\":{\"@type\":\"PropertyValueSpecification\",\"valueRequired\":true,\"valueName\":\"search_term_string\"}}],\"inLanguage\":\"es\"},{\"@type\":\"Organization\",\"@id\":\"https:\/\/cepreaching.org\/es\/#organization\",\"name\":\"Center for Excellence in Preaching\",\"url\":\"https:\/\/cepreaching.org\/es\/\",\"logo\":{\"@type\":\"ImageObject\",\"inLanguage\":\"es\",\"@id\":\"https:\/\/cepreaching.org\/es\/#\/schema\/logo\/image\/\",\"url\":\"https:\/\/cepreaching.org\/wp-content\/uploads\/2021\/08\/ceplogo.png\",\"contentUrl\":\"https:\/\/cepreaching.org\/wp-content\/uploads\/2021\/08\/ceplogo.png\",\"width\":100,\"height\":100,\"caption\":\"Center for Excellence in Preaching\"},\"image\":{\"@id\":\"https:\/\/cepreaching.org\/es\/#\/schema\/logo\/image\/\"},\"sameAs\":[\"https:\/\/www.facebook.com\/cepreaching\",\"https:\/\/x.com\/calvinseminary\"]}]}<\/script>\n<!-- \/ Yoast SEO plugin. -->","yoast_head_json":{"title":"Juan 1.1-14 - Center for Excellence in Preaching","robots":{"index":"index","follow":"follow","max-snippet":"max-snippet:-1","max-image-preview":"max-image-preview:large","max-video-preview":"max-video-preview:-1"},"canonical":"https:\/\/cepreaching.org\/es\/commentary\/leopoldo-cervantes-ortiz\/juan-1-1-14-2\/","og_locale":"es_ES","og_type":"article","og_title":"Juan 1.1-14 - Center for Excellence in Preaching","og_description":"NAVIDAD Y LIBERTAD EN EL MUNDO ACTUAL Aquel que es la Palabra habit\u00f3 entre nosotros y fue como uno de nosotros. Vimos el poder que le pertenece como Hijo \u00fanico de Dios, pues nos ha mostrado todo el amor y toda la verdad. Juan 1.14, Traducci\u00f3n en Lenguaje Actual Trasfondo b\u00edblico-doctrinal La manera en que&hellip;","og_url":"https:\/\/cepreaching.org\/es\/commentary\/leopoldo-cervantes-ortiz\/juan-1-1-14-2\/","og_site_name":"Center for Excellence in Preaching","article_publisher":"https:\/\/www.facebook.com\/cepreaching","article_modified_time":"2024-10-29T19:21:39+00:00","twitter_card":"summary_large_image","twitter_site":"@calvinseminary","twitter_misc":{"Tiempo de lectura":"7 minutos"},"schema":{"@context":"https:\/\/schema.org","@graph":[{"@type":"WebPage","@id":"https:\/\/cepreaching.org\/es\/commentary\/leopoldo-cervantes-ortiz\/juan-1-1-14-2\/","url":"https:\/\/cepreaching.org\/es\/commentary\/leopoldo-cervantes-ortiz\/juan-1-1-14-2\/","name":"Juan 1.1-14 - Center for Excellence in Preaching","isPartOf":{"@id":"https:\/\/cepreaching.org\/es\/#website"},"datePublished":"2018-11-29T11:00:23+00:00","dateModified":"2024-10-29T19:21:39+00:00","breadcrumb":{"@id":"https:\/\/cepreaching.org\/es\/commentary\/leopoldo-cervantes-ortiz\/juan-1-1-14-2\/#breadcrumb"},"inLanguage":"es","potentialAction":[{"@type":"ReadAction","target":["https:\/\/cepreaching.org\/es\/commentary\/leopoldo-cervantes-ortiz\/juan-1-1-14-2\/"]}]},{"@type":"BreadcrumbList","@id":"https:\/\/cepreaching.org\/es\/commentary\/leopoldo-cervantes-ortiz\/juan-1-1-14-2\/#breadcrumb","itemListElement":[{"@type":"ListItem","position":1,"name":"Home","item":"https:\/\/cepreaching.org\/es\/"},{"@type":"ListItem","position":2,"name":"Juan 1.1-14"}]},{"@type":"WebSite","@id":"https:\/\/cepreaching.org\/es\/#website","url":"https:\/\/cepreaching.org\/es\/","name":"Center for Excellence in Preaching","description":"","publisher":{"@id":"https:\/\/cepreaching.org\/es\/#organization"},"potentialAction":[{"@type":"SearchAction","target":{"@type":"EntryPoint","urlTemplate":"https:\/\/cepreaching.org\/es\/?s={search_term_string}"},"query-input":{"@type":"PropertyValueSpecification","valueRequired":true,"valueName":"search_term_string"}}],"inLanguage":"es"},{"@type":"Organization","@id":"https:\/\/cepreaching.org\/es\/#organization","name":"Center for Excellence in Preaching","url":"https:\/\/cepreaching.org\/es\/","logo":{"@type":"ImageObject","inLanguage":"es","@id":"https:\/\/cepreaching.org\/es\/#\/schema\/logo\/image\/","url":"https:\/\/cepreaching.org\/wp-content\/uploads\/2021\/08\/ceplogo.png","contentUrl":"https:\/\/cepreaching.org\/wp-content\/uploads\/2021\/08\/ceplogo.png","width":100,"height":100,"caption":"Center for Excellence in Preaching"},"image":{"@id":"https:\/\/cepreaching.org\/es\/#\/schema\/logo\/image\/"},"sameAs":["https:\/\/www.facebook.com\/cepreaching","https:\/\/x.com\/calvinseminary"]}]}},"_links":{"self":[{"href":"https:\/\/cepreaching.org\/es\/wp-json\/wp\/v2\/commentary\/10254","targetHints":{"allow":["GET"]}}],"collection":[{"href":"https:\/\/cepreaching.org\/es\/wp-json\/wp\/v2\/commentary"}],"about":[{"href":"https:\/\/cepreaching.org\/es\/wp-json\/wp\/v2\/types\/commentary"}],"author":[{"embeddable":true,"href":"https:\/\/cepreaching.org\/es\/wp-json\/wp\/v2\/users\/1"}],"version-history":[{"count":0,"href":"https:\/\/cepreaching.org\/es\/wp-json\/wp\/v2\/commentary\/10254\/revisions"}],"acf:term":[{"embeddable":true,"taxonomy":"authors","href":"https:\/\/cepreaching.org\/es\/wp-json\/wp\/v2\/authors\/4146"},{"embeddable":true,"taxonomy":"biblical_books","href":"https:\/\/cepreaching.org\/es\/wp-json\/wp\/v2\/biblical_books\/5445"}],"wp:attachment":[{"href":"https:\/\/cepreaching.org\/es\/wp-json\/wp\/v2\/media?parent=10254"}],"wp:term":[{"taxonomy":"category","embeddable":true,"href":"https:\/\/cepreaching.org\/es\/wp-json\/wp\/v2\/categories?post=10254"},{"taxonomy":"rcl_weeks","embeddable":true,"href":"https:\/\/cepreaching.org\/es\/wp-json\/wp\/v2\/rcl_weeks?post=10254"},{"taxonomy":"authors","embeddable":true,"href":"https:\/\/cepreaching.org\/es\/wp-json\/wp\/v2\/authors?post=10254"},{"taxonomy":"biblical_books","embeddable":true,"href":"https:\/\/cepreaching.org\/es\/wp-json\/wp\/v2\/biblical_books?post=10254"}],"curies":[{"name":"wp","href":"https:\/\/api.w.org\/{rel}","templated":true}]}}