{"id":14852,"date":"2024-09-23T01:00:54","date_gmt":"2024-09-23T05:00:54","guid":{"rendered":"https:\/\/cepreaching.org\/?post_type=commentary&#038;p=14852"},"modified":"2024-09-20T15:14:07","modified_gmt":"2024-09-20T19:14:07","slug":"nehemias-1","status":"publish","type":"commentary","link":"https:\/\/cepreaching.org\/es\/commentary\/leopoldo-cervantes-ortiz\/nehemias-1\/","title":{"rendered":"Nehem\u00edas 1"},"content":{"rendered":"<p>Dios, escucha mi oraci\u00f3n y las oraciones de tus servidores que desean adorarte. Haz que el rey me reciba bien y que yo tenga \u00e9xito.\u00a0\u00a0\u00a0\u00a0\u00a0\u00a0\u00a0\u00a0\u00a0\u00a0\u00a0\u00a0\u00a0\u00a0\u00a0\u00a0\u00a0\u00a0\u00a0\u00a0\u00a0\u00a0\u00a0\u00a0\u00a0\u00a0\u00a0\u00a0\u00a0\u00a0\u00a0\u00a0\u00a0\u00a0\u00a0\u00a0\u00a0\u00a0\u00a0\u00a0\u00a0\u00a0\u00a0\u00a0\u00a0\u00a0\u00a0\u00a0\u00a0\u00a0\u00a0\u00a0\u00a0\u00a0\u00a0\u00a0\u00a0\u00a0\u00a0\u00a0\u00a0\u00a0\u00a0\u00a0\u00a0\u00a0\u00a0\u00a0\u00a0\u00a0 Nehem\u00edas 1.11a, <em>T<\/em><em>LA<\/em><\/p>\n<p>&nbsp;<\/p>\n<p>Esdras, el escriba, el intelectual, el ide\u00f3logo. <em>Y Nehem\u00edas, el organizador, el pragm\u00e1tico, el hombre de acci\u00f3n.<\/em><\/p>\n<p>Juntos simbolizan la esperanza de Israel. La renovaci\u00f3n de Israel. Juntos incitar\u00e1n a sus hermanos de infortunio a arrancarse de su entorno, de la comodidad del exilio, a renunciar a las condiciones familiares de sus domicilios provisionales, y a volver a casa. [\u2026] A no asustarse de las ruinas que cubr\u00edan la ciudad de Dios, la que Dios hab\u00eda escogido como morada en medio de su pueblo, el pueblo de la memoria y de la fidelidad.\u00a0\u00a0\u00a0\u00a0\u00a0\u00a0\u00a0\u00a0\u00a0\u00a0\u00a0\u00a0\u00a0\u00a0\u00a0\u00a0\u00a0\u00a0\u00a0\u00a0\u00a0\u00a0\u00a0\u00a0\u00a0\u00a0\u00a0\u00a0\u00a0\u00a0\u00a0\u00a0\u00a0\u00a0\u00a0\u00a0\u00a0\u00a0\u00a0\u00a0\u00a0\u00a0\u00a0\u00a0\u00a0\u00a0\u00a0\u00a0\u00a0\u00a0\u00a0\u00a0\u00a0\u00a0\u00a0 \u00a0\u00a0\u00a0\u00a0\u00a0\u00a0\u00a0\u00a0 E. Wiesel (\u00e9nfasis agregado)<\/p>\n<p>&nbsp;<\/p>\n<p><strong>Trasfondo b\u00edblico-teol\u00f3gico<\/strong><\/p>\n<p>La historia de la preocupaci\u00f3n de Nehem\u00edas (nombre que significa \u201cEl Se\u00f1or consuela\u201d) por Jerusal\u00e9n y el pueblo, as\u00ed como de su traslado desde Susa, una de las capitales del imperio persa (1.2, en ella viv\u00edan los reyes durante los meses de invierno) y las acciones que llev\u00f3 a cabo como dirigente de la reconstrucci\u00f3n de las murallas y las puertas de la ciudad israelita ocupan la segunda parte del libro de Esdras-Nehem\u00edas, contada en primera persona (\u201cMemorias de Nehem\u00edas\u201d). \u201cLos hechos que se relatan en estos cap\u00edtulos [1-7] comienzan en un informe que le llev\u00f3 una delegaci\u00f3n jud\u00eda a Nehem\u00edas, en Susa (Neh. 1.1-3), y finalizan con la lista de los deportados que volvieron a Jerusal\u00e9n con Zorobabel (Neh. 7.5-73a; cf. Esd. 2.1-70). Se describe el trabajo de reconstrucci\u00f3n de los muros de la ciudad, se hace referencia a las tensiones dentro de la comunidad jud\u00eda, y a la oposici\u00f3n de los vecinos de Jud\u00e1 (Neh. 3-4). La narraci\u00f3n pone de manifiesto la relaci\u00f3n entre el bienestar de la ciudad y el del pueblo jud\u00edo\u201d (S. Pag\u00e1n).<\/p>\n<p><strong>Situaci\u00f3n de Nehem\u00edas y del pueblo<\/strong><\/p>\n<p>El puesto de Nehem\u00edas como copero del rey Artajerjes I (desde el 465 hasta el 424 a.C.), encargado de la bodega y de la bebida (1.11b), le permiti\u00f3 acceder a la posibilidad de acercarse a la ciudad tan recordada por los jud\u00edos de la di\u00e1spora. \u201cPersonaje prestigioso de la corte, Nehem\u00edas recibi\u00f3 una delegaci\u00f3n de Judea, encabezada por su propio hermano Janan\u00ed, en el mes de Kisleu el a\u00f1o vig\u00e9simo del rey Artajerjes, es decir, en noviembre-diciembre del 445 a.C. La conversaci\u00f3n trat\u00f3 del mal estado de las murallas de Jerusal\u00e9n, \u2018destruida y con sus puertas quemadas\u2019\u201d (1.3) (P. Abadie). Hay importantes referencias a la labor de Nehem\u00edas en los libros deuterocan\u00f3nicos de Eclesi\u00e1stico (49.13) y II Macabeos (1.18-36; 2.13). El entorno pol\u00edtico de la misi\u00f3n de Nehem\u00edas era el siguiente: \u201cDesde el a\u00f1o 460 a.C., Egipto se encontraba en un proceso de revoluci\u00f3n nacional respaldada por Atenas. En el 448 a.C. el s\u00e1trapa de la provincia de Trans\u00e9ufrates se rebel\u00f3 contra Persia. Estas revueltas, que ciertamente tra\u00edan inestabilidad al imperio persa, pon\u00edan a Jud\u00e1 en una posici\u00f3n de cierta importancia ante el imperio, al que desde la perspectiva pol\u00edtica le conven\u00eda mantener su estabilidad y desarrollar las mejores relaciones rec\u00edprocas\u201d (S. Pag\u00e1n).<\/p>\n<p>El contexto de la reconstrucci\u00f3n ya iniciada no era muy alentador en ese momento: la denuncia del s\u00e1trapa Rej\u00fan y de los potentados locales (Esd 4.8) acab\u00f3 con los primeros trabajos de reconstrucci\u00f3n (alrededor del 448). Poco despu\u00e9s, se dirigi\u00f3 a Susa una delegaci\u00f3n dirigida por Janan\u00ed, su hermano, para solicitar a Nehem\u00edas que actuara a favor del proyecto delante del monarca. Algunos piensan que el grupo ten\u00eda una misi\u00f3n diplom\u00e1tica y que evadi\u00f3 a las autoridades samaritanas al llegar directamente al rey, a trav\u00e9s de Nehem\u00edas. Otros se\u00f1alan que la visita fue de negocios o para tratar asuntos familiares.<\/p>\n<p><strong>Reacci\u00f3n y oraci\u00f3n de Nehem\u00edas<\/strong><\/p>\n<p>La reacci\u00f3n inmediata de Nehem\u00edas fue de tristeza y decepci\u00f3n: \u201cCuando o\u00ed esto, me sent\u00e9 a llorar, y durante varios d\u00edas estuve muy triste y no com\u00ed nada\u201d (1.4). A partir de ese momento, el texto recoge su oraci\u00f3n como parte de una escena que reproduce lo que describe Esdras 9.3ss. Este paralelismo relaciona directamente a las dos grandes figuras de l\u00edderes del pueblo. Lo mismo ocurre con la invocaci\u00f3n divina de Dios como \u201cYHWH, Dios del cielo, Dios grande y terrible, fiel a la alianza y generoso&#8230;\u201d (Neh 1.5) que hace eco a la bendici\u00f3n solemne de Neh 8.6. Como la de Esd 9.6-15, la oraci\u00f3n tiene la forma tripartita de un salmo de lamentaci\u00f3n y se inspira en el lenguaje del Deuteronomio: vv. 5-7: invocaci\u00f3n a Dios, introduciendo la confesi\u00f3n de los pecados; vv. 8-9: por contraste, recuerdo de la palabra confiada a Mois\u00e9s: fidelidad a los mandamientos y elecci\u00f3n; vv. 10-11: imploraci\u00f3n a Dios. Esta coloca toda la escena en un contexto de \u00c9xodo, la vuelta de los \u201cdesterrados, aunque sea desde los confines del mundo\u201d, \u201cliberados por tu gran poder y por tu fuerte brazo\u201d (Neh 11,9-10; cf. \u00c9x 32,11).<\/p>\n<p>La oraci\u00f3n de Nehem\u00edas es un acto de intercesi\u00f3n, confesi\u00f3n y solidaridad. Nehem\u00edas intercede por el pecado del pueblo, pero no deja de incluirse como parte del pueblo pecador. Su identificaci\u00f3n y solidaridad fue tanta que se agreg\u00f3 al grupo que se \u201chab\u00eda corrompido contra el Se\u00f1or\u201d (v. 7). Al confesar el pecado de la comunidad, confes\u00f3 el suyo propio y se ampar\u00f3 en las palabras recibidas por Mois\u00e9s para implorar el perd\u00f3n de Dios (vv. 8-9). El pueblo que hab\u00eda pecado es el mismo que Dios redimi\u00f3 \u201ccon gran poder, y con mano poderosa\u201d (v. 10, una frase repetida muchas veces). Esta \u00faltima expresi\u00f3n, que se relaciona con la liberaci\u00f3n de Israel de las tierras de Egipto, pod\u00eda ser una referencia a la terminaci\u00f3n del destierro y al regreso de los deportados. La oraci\u00f3n finaliza con una petici\u00f3n de ayuda espec\u00edfica: ser acepto \u201cdelante de aquel hombre\u201d, el rey Artajerjes I. Luego de escuchar el informe acerca de la situaci\u00f3n en Jerusal\u00e9n, <em>y despu\u00e9s de haber orado con esta vehemencia,<\/em> Nehem\u00edas se dispuso, por fin, a hablar con el rey.<\/p>\n<p style=\"padding-left: 80px;\">Su oraci\u00f3n es un modelo de oraci\u00f3n solidaria e intercesora Frente a la crisis, que consist\u00eda en la humillaci\u00f3n del pueblo y la destrucci\u00f3n de la muralla de la ciudad, Nehem\u00edas or\u00f3 a Dios. En su oraci\u00f3n se incorpora al pueblo. Su identificaci\u00f3n con la comunidad jud\u00eda le hace incluirse en el grupo de los que necesitan perd\u00f3n. Su esperanza est\u00e1 en Dios. [\u2026]<\/p>\n<p style=\"padding-left: 80px;\">Un valor importante en la oraci\u00f3n de Nehem\u00edas es que ubica en una perspectiva justa la importancia de la intercesi\u00f3n y la solidaridad. En la crisis, Nehem\u00edas or\u00f3 por el pueblo y se incluy\u00f3 como parte de ese pueblo sufriente. Se apropi\u00f3 la crisis de la comunidad jud\u00eda como si fuera suya (<em>\u00cddem<\/em>).<\/p>\n<p><strong>Conclusi\u00f3n<\/strong><\/p>\n<p>El l\u00edder \u201claico\u201d que habr\u00eda de ser Nehem\u00edas comenz\u00f3 a desarrollar su labor luego del \u201cpurgatorio\u201d que represent\u00f3 escuchar el informe tan desolador sobre el estado de las cosas. Su car\u00e1cter de dirigente se mostrar\u00eda a partir de esa premisa de debilidad y p\u00e9rdida, no desde la b\u00fasqueda del \u00e9xito y el control de todos los aspectos derivados. Releer su experiencia como un doble trabajo puede ayudar a comprender la dualidad de su situaci\u00f3n: comenz\u00f3 \u201cdesde arriba\u201d, porque aparecer\u00eda en el escenario autorizado por el rey de Persia (para servir a sus propios fines), pero las circunstancias lo obligaron tambi\u00e9n a actuar con un liderazgo forjado \u201cdesde abajo\u201d, es decir, partiendo de las condiciones no tan positivas que viv\u00eda el pueblo al cual se encamin\u00f3 a servir. Siempre que Dios levanta personas \u201claicas\u201d, no clericales para servir, las dota de dones y vocaciones especiales. En el caso de Nehem\u00edas, estamos delante de uno de los dones menos valorados por las comunidades de fe: el don de la pol\u00edtica y la diplomacia. Se prefiere hablar de liderazgo por el temor a hablar del manejo de poder en las iglesias. Pero \u00e9l fue un gran dirigente espiritual y pol\u00edtico cuya labor se despleg\u00f3 en los dos campos con resultados admirables para el beneficio de su comunidad. Hoy hacen mucha falta personas as\u00ed.<\/p>\n<p><strong>Sugerencias de lectura<\/strong><\/p>\n<ul>\n<li>Elie Wiesel, <em>Celebraci\u00f3n prof\u00e9tica. Personajes y leyendas del antiguo Israel. <\/em>Salamanca, S\u00edgueme, 2009 (El peso de los d\u00edas, 73).<\/li>\n<li>Samuel Pag\u00e1n, <em>Esdras, Nehem\u00edas y Ester. <\/em>Miami, Caribe, 1990.<\/li>\n<li>Philippe Abadie, <em>El libro de Esdras y de Nehem\u00edas. <\/em>Estella, Verbo Divino, 1998 (Cuadernos b\u00edblicos, 95).<\/li>\n<\/ul>\n","protected":false},"author":4,"featured_media":0,"template":"","categories":[1],"rcl_weeks":[7739,7740],"authors":[4146],"biblical_books":[4833],"class_list":["post-14852","commentary","type-commentary","status-publish","hentry","category-uncategorized","rcl_weeks-september-29","rcl_weeks-2024-proper-21b","authors-leopoldo-cervantes-ortiz","biblical_books-nehemias-1"],"acf":{"biblical_books":[4833],"type":"non-rcl","legacy_slug":"","legacy_id":"","author":4146,"keywords":"","rcl_week":7739,"sunday_name":"","year":"B","date":"20240929","lectionary":"epistle","description":""},"yoast_head":"<!-- This site is optimized with the Yoast SEO plugin v26.4 - https:\/\/yoast.com\/wordpress\/plugins\/seo\/ -->\n<title>Nehem\u00edas 1 - Center for Excellence in Preaching<\/title>\n<meta name=\"robots\" content=\"index, follow, max-snippet:-1, max-image-preview:large, max-video-preview:-1\" \/>\n<link rel=\"canonical\" href=\"https:\/\/cepreaching.org\/es\/commentary\/leopoldo-cervantes-ortiz\/nehemias-1\/\" \/>\n<meta property=\"og:locale\" content=\"es_ES\" \/>\n<meta property=\"og:type\" content=\"article\" \/>\n<meta property=\"og:title\" content=\"Nehem\u00edas 1 - Center for Excellence in Preaching\" \/>\n<meta property=\"og:description\" content=\"Dios, escucha mi oraci\u00f3n y las oraciones de tus servidores que desean adorarte. Haz que el rey me reciba bien y que yo tenga \u00e9xito.\u00a0\u00a0\u00a0\u00a0\u00a0\u00a0\u00a0\u00a0\u00a0\u00a0\u00a0\u00a0\u00a0\u00a0\u00a0\u00a0\u00a0\u00a0\u00a0\u00a0\u00a0\u00a0\u00a0\u00a0\u00a0\u00a0\u00a0\u00a0\u00a0\u00a0\u00a0\u00a0\u00a0\u00a0\u00a0\u00a0\u00a0\u00a0\u00a0\u00a0\u00a0\u00a0\u00a0\u00a0\u00a0\u00a0\u00a0\u00a0\u00a0\u00a0\u00a0\u00a0\u00a0\u00a0\u00a0\u00a0\u00a0\u00a0\u00a0\u00a0\u00a0\u00a0\u00a0\u00a0\u00a0\u00a0\u00a0\u00a0\u00a0\u00a0 Nehem\u00edas 1.11a, TLA &nbsp; Esdras, el escriba, el intelectual, el ide\u00f3logo. Y Nehem\u00edas, el organizador, el pragm\u00e1tico, el hombre de acci\u00f3n. Juntos simbolizan la esperanza de Israel. La renovaci\u00f3n de&hellip;\" \/>\n<meta property=\"og:url\" content=\"https:\/\/cepreaching.org\/es\/commentary\/leopoldo-cervantes-ortiz\/nehemias-1\/\" \/>\n<meta property=\"og:site_name\" content=\"Center for Excellence in Preaching\" \/>\n<meta property=\"article:publisher\" content=\"https:\/\/www.facebook.com\/cepreaching\" \/>\n<meta name=\"twitter:card\" content=\"summary_large_image\" \/>\n<meta name=\"twitter:site\" content=\"@calvinseminary\" \/>\n<meta name=\"twitter:label1\" content=\"Tiempo de lectura\" \/>\n\t<meta name=\"twitter:data1\" content=\"7 minutos\" \/>\n<script type=\"application\/ld+json\" class=\"yoast-schema-graph\">{\"@context\":\"https:\/\/schema.org\",\"@graph\":[{\"@type\":\"WebPage\",\"@id\":\"https:\/\/cepreaching.org\/es\/commentary\/leopoldo-cervantes-ortiz\/nehemias-1\/\",\"url\":\"https:\/\/cepreaching.org\/es\/commentary\/leopoldo-cervantes-ortiz\/nehemias-1\/\",\"name\":\"Nehem\u00edas 1 - Center for Excellence in Preaching\",\"isPartOf\":{\"@id\":\"https:\/\/cepreaching.org\/es\/#website\"},\"datePublished\":\"2024-09-23T05:00:54+00:00\",\"breadcrumb\":{\"@id\":\"https:\/\/cepreaching.org\/es\/commentary\/leopoldo-cervantes-ortiz\/nehemias-1\/#breadcrumb\"},\"inLanguage\":\"es\",\"potentialAction\":[{\"@type\":\"ReadAction\",\"target\":[\"https:\/\/cepreaching.org\/es\/commentary\/leopoldo-cervantes-ortiz\/nehemias-1\/\"]}]},{\"@type\":\"BreadcrumbList\",\"@id\":\"https:\/\/cepreaching.org\/es\/commentary\/leopoldo-cervantes-ortiz\/nehemias-1\/#breadcrumb\",\"itemListElement\":[{\"@type\":\"ListItem\",\"position\":1,\"name\":\"Home\",\"item\":\"https:\/\/cepreaching.org\/es\/\"},{\"@type\":\"ListItem\",\"position\":2,\"name\":\"Nehem\u00edas 1\"}]},{\"@type\":\"WebSite\",\"@id\":\"https:\/\/cepreaching.org\/es\/#website\",\"url\":\"https:\/\/cepreaching.org\/es\/\",\"name\":\"Center for Excellence in Preaching\",\"description\":\"\",\"publisher\":{\"@id\":\"https:\/\/cepreaching.org\/es\/#organization\"},\"potentialAction\":[{\"@type\":\"SearchAction\",\"target\":{\"@type\":\"EntryPoint\",\"urlTemplate\":\"https:\/\/cepreaching.org\/es\/?s={search_term_string}\"},\"query-input\":{\"@type\":\"PropertyValueSpecification\",\"valueRequired\":true,\"valueName\":\"search_term_string\"}}],\"inLanguage\":\"es\"},{\"@type\":\"Organization\",\"@id\":\"https:\/\/cepreaching.org\/es\/#organization\",\"name\":\"Center for Excellence in Preaching\",\"url\":\"https:\/\/cepreaching.org\/es\/\",\"logo\":{\"@type\":\"ImageObject\",\"inLanguage\":\"es\",\"@id\":\"https:\/\/cepreaching.org\/es\/#\/schema\/logo\/image\/\",\"url\":\"https:\/\/cepreaching.org\/wp-content\/uploads\/2021\/08\/ceplogo.png\",\"contentUrl\":\"https:\/\/cepreaching.org\/wp-content\/uploads\/2021\/08\/ceplogo.png\",\"width\":100,\"height\":100,\"caption\":\"Center for Excellence in Preaching\"},\"image\":{\"@id\":\"https:\/\/cepreaching.org\/es\/#\/schema\/logo\/image\/\"},\"sameAs\":[\"https:\/\/www.facebook.com\/cepreaching\",\"https:\/\/x.com\/calvinseminary\"]}]}<\/script>\n<!-- \/ Yoast SEO plugin. -->","yoast_head_json":{"title":"Nehem\u00edas 1 - Center for Excellence in Preaching","robots":{"index":"index","follow":"follow","max-snippet":"max-snippet:-1","max-image-preview":"max-image-preview:large","max-video-preview":"max-video-preview:-1"},"canonical":"https:\/\/cepreaching.org\/es\/commentary\/leopoldo-cervantes-ortiz\/nehemias-1\/","og_locale":"es_ES","og_type":"article","og_title":"Nehem\u00edas 1 - Center for Excellence in Preaching","og_description":"Dios, escucha mi oraci\u00f3n y las oraciones de tus servidores que desean adorarte. Haz que el rey me reciba bien y que yo tenga \u00e9xito.\u00a0\u00a0\u00a0\u00a0\u00a0\u00a0\u00a0\u00a0\u00a0\u00a0\u00a0\u00a0\u00a0\u00a0\u00a0\u00a0\u00a0\u00a0\u00a0\u00a0\u00a0\u00a0\u00a0\u00a0\u00a0\u00a0\u00a0\u00a0\u00a0\u00a0\u00a0\u00a0\u00a0\u00a0\u00a0\u00a0\u00a0\u00a0\u00a0\u00a0\u00a0\u00a0\u00a0\u00a0\u00a0\u00a0\u00a0\u00a0\u00a0\u00a0\u00a0\u00a0\u00a0\u00a0\u00a0\u00a0\u00a0\u00a0\u00a0\u00a0\u00a0\u00a0\u00a0\u00a0\u00a0\u00a0\u00a0\u00a0\u00a0\u00a0 Nehem\u00edas 1.11a, TLA &nbsp; Esdras, el escriba, el intelectual, el ide\u00f3logo. Y Nehem\u00edas, el organizador, el pragm\u00e1tico, el hombre de acci\u00f3n. Juntos simbolizan la esperanza de Israel. La renovaci\u00f3n de&hellip;","og_url":"https:\/\/cepreaching.org\/es\/commentary\/leopoldo-cervantes-ortiz\/nehemias-1\/","og_site_name":"Center for Excellence in Preaching","article_publisher":"https:\/\/www.facebook.com\/cepreaching","twitter_card":"summary_large_image","twitter_site":"@calvinseminary","twitter_misc":{"Tiempo de lectura":"7 minutos"},"schema":{"@context":"https:\/\/schema.org","@graph":[{"@type":"WebPage","@id":"https:\/\/cepreaching.org\/es\/commentary\/leopoldo-cervantes-ortiz\/nehemias-1\/","url":"https:\/\/cepreaching.org\/es\/commentary\/leopoldo-cervantes-ortiz\/nehemias-1\/","name":"Nehem\u00edas 1 - Center for Excellence in Preaching","isPartOf":{"@id":"https:\/\/cepreaching.org\/es\/#website"},"datePublished":"2024-09-23T05:00:54+00:00","breadcrumb":{"@id":"https:\/\/cepreaching.org\/es\/commentary\/leopoldo-cervantes-ortiz\/nehemias-1\/#breadcrumb"},"inLanguage":"es","potentialAction":[{"@type":"ReadAction","target":["https:\/\/cepreaching.org\/es\/commentary\/leopoldo-cervantes-ortiz\/nehemias-1\/"]}]},{"@type":"BreadcrumbList","@id":"https:\/\/cepreaching.org\/es\/commentary\/leopoldo-cervantes-ortiz\/nehemias-1\/#breadcrumb","itemListElement":[{"@type":"ListItem","position":1,"name":"Home","item":"https:\/\/cepreaching.org\/es\/"},{"@type":"ListItem","position":2,"name":"Nehem\u00edas 1"}]},{"@type":"WebSite","@id":"https:\/\/cepreaching.org\/es\/#website","url":"https:\/\/cepreaching.org\/es\/","name":"Center for Excellence in Preaching","description":"","publisher":{"@id":"https:\/\/cepreaching.org\/es\/#organization"},"potentialAction":[{"@type":"SearchAction","target":{"@type":"EntryPoint","urlTemplate":"https:\/\/cepreaching.org\/es\/?s={search_term_string}"},"query-input":{"@type":"PropertyValueSpecification","valueRequired":true,"valueName":"search_term_string"}}],"inLanguage":"es"},{"@type":"Organization","@id":"https:\/\/cepreaching.org\/es\/#organization","name":"Center for Excellence in Preaching","url":"https:\/\/cepreaching.org\/es\/","logo":{"@type":"ImageObject","inLanguage":"es","@id":"https:\/\/cepreaching.org\/es\/#\/schema\/logo\/image\/","url":"https:\/\/cepreaching.org\/wp-content\/uploads\/2021\/08\/ceplogo.png","contentUrl":"https:\/\/cepreaching.org\/wp-content\/uploads\/2021\/08\/ceplogo.png","width":100,"height":100,"caption":"Center for Excellence in Preaching"},"image":{"@id":"https:\/\/cepreaching.org\/es\/#\/schema\/logo\/image\/"},"sameAs":["https:\/\/www.facebook.com\/cepreaching","https:\/\/x.com\/calvinseminary"]}]}},"_links":{"self":[{"href":"https:\/\/cepreaching.org\/es\/wp-json\/wp\/v2\/commentary\/14852","targetHints":{"allow":["GET"]}}],"collection":[{"href":"https:\/\/cepreaching.org\/es\/wp-json\/wp\/v2\/commentary"}],"about":[{"href":"https:\/\/cepreaching.org\/es\/wp-json\/wp\/v2\/types\/commentary"}],"author":[{"embeddable":true,"href":"https:\/\/cepreaching.org\/es\/wp-json\/wp\/v2\/users\/4"}],"version-history":[{"count":0,"href":"https:\/\/cepreaching.org\/es\/wp-json\/wp\/v2\/commentary\/14852\/revisions"}],"acf:term":[{"embeddable":true,"taxonomy":"rcl_weeks","href":"https:\/\/cepreaching.org\/es\/wp-json\/wp\/v2\/rcl_weeks\/7739"},{"embeddable":true,"taxonomy":"authors","href":"https:\/\/cepreaching.org\/es\/wp-json\/wp\/v2\/authors\/4146"},{"embeddable":true,"taxonomy":"biblical_books","href":"https:\/\/cepreaching.org\/es\/wp-json\/wp\/v2\/biblical_books\/4833"}],"wp:attachment":[{"href":"https:\/\/cepreaching.org\/es\/wp-json\/wp\/v2\/media?parent=14852"}],"wp:term":[{"taxonomy":"category","embeddable":true,"href":"https:\/\/cepreaching.org\/es\/wp-json\/wp\/v2\/categories?post=14852"},{"taxonomy":"rcl_weeks","embeddable":true,"href":"https:\/\/cepreaching.org\/es\/wp-json\/wp\/v2\/rcl_weeks?post=14852"},{"taxonomy":"authors","embeddable":true,"href":"https:\/\/cepreaching.org\/es\/wp-json\/wp\/v2\/authors?post=14852"},{"taxonomy":"biblical_books","embeddable":true,"href":"https:\/\/cepreaching.org\/es\/wp-json\/wp\/v2\/biblical_books?post=14852"}],"curies":[{"name":"wp","href":"https:\/\/api.w.org\/{rel}","templated":true}]}}