{"id":15342,"date":"2025-05-05T01:00:51","date_gmt":"2025-05-05T05:00:51","guid":{"rendered":"https:\/\/cepreaching.org\/?post_type=commentary&#038;p=15342"},"modified":"2025-05-02T10:42:48","modified_gmt":"2025-05-02T14:42:48","slug":"efesios-6-10-13","status":"publish","type":"commentary","link":"https:\/\/cepreaching.org\/es\/commentary\/leopoldo-cervantes-ortiz\/efesios-6-10-13\/","title":{"rendered":"Efesios 6.10-13"},"content":{"rendered":"<p>Prot\u00e9janse con la armadura que Dios les ha dado\u2026<\/p>\n<p>Efesios 6.11a, <em>Traducci\u00f3n en Lenguaje Actual<\/em><\/p>\n<p><strong>Trasfondo b\u00edblico-teol\u00f3gico<\/strong><\/p>\n<p>En 2024 el reelecto presidente salvadore\u00f1o Nayib Bukele afirm\u00f3 que su gobierno gan\u00f3 una \u201cguerra espiritual\u201d contra las pandillas lo que permiti\u00f3 una pacificaci\u00f3n en esta naci\u00f3n que en alg\u00fan momento fue se\u00f1alada como \u201cla capital mundial del crimen\u201d. Dijo, adem\u00e1s, que las pandillas eran sat\u00e1nicas y que fue un verdadero milagro haber apaciguado al pa\u00eds: \u201cLa principal arma que us\u00f3 para combatir a las pandillas fue \u2018orar\u2019. \u2018Nuestra impresionante victoria se debi\u00f3 a que ganamos la guerra espiritual muy, muy r\u00e1pido\u2019\u201d, asegur\u00f3 (\u201cBukele sobre las pandillas\u2026\u201d). Pero, qu\u00e9 es en s\u00ed la llamada \u201cguerra espiritual\u201d, un concepto abiertamente religioso que en labios de un gobernante sonar\u00eda bastante fuera de lugar. Se trata de la creencia en que los\/as seguidores de Cristo est\u00e1n en un permanente conflicto con los principales opositores espirituales (Sat\u00e1n, \u00e1ngeles ca\u00eddos, esp\u00edritu malignos) a los planes y acciones de Dios. As\u00ed se ha caracterizado la ense\u00f1anza b\u00edblica acerca de la oposici\u00f3n espiritual alproyecto divino de salvaci\u00f3n. El problema consiste en que todo lo que hacen la iglesia y los creyentes gire alrededor de esa idea, como bien se ha analizado:<\/p>\n<p style=\"padding-left: 80px;\">El tema de la lucha espiritual caracteriza la historia b\u00edblica desde su principio hasta el final. Esta realidad ha llevado a algunos cristianos pr\u00e1cticamente a comprender la vida y la misi\u00f3n de la iglesia en t\u00e9rminos de una guerra espiritual. Generalmente, estos sectores de la iglesia conciben el conflicto espiritual como una lucha contra los poderes invisibles del mal, los que son identificados como demonios, \u00e1ngeles ca\u00eddos, huestes espirituales malignas, emisarios y agentes espirituales de Satan\u00e1s, el principal entre ellos; sin embargo, poca, o ninguna, atenci\u00f3n prestan a las manifestaciones humanas y concretamente estructurales de los poderes del mal (J. Driver).<\/p>\n<p>La \u201cguerra espiritual\u201d est\u00e1 en \u00edntima relaci\u00f3n con el concepto paulino alusivo a los \u201cprincipados y potestades\u201d (<em>archa\u00ed ka\u00ed exous\u00eda\u00ed; <\/em>Ef 3.10), una frase tomada por el ap\u00f3stol del lenguaje pol\u00edtico de la \u00e9poca que de ese \u00e1mbito pas\u00f3 al mundo supraterreno en asociaci\u00f3n con otros t\u00e9rminos (E. Cothenet). Hoy se asocia, en algunos sectores evang\u00e9licos aficionados al tema, a palabras tales como: guerra espiritual estrat\u00e9gica, centros de poder, demonologia, reprender, atar, amarrar, esp\u00edritus territoriales, etc\u00e9tera (E. Voth).<\/p>\n<p><strong>Mantenerse firmes en el Se\u00f1or y en el poder de su fuerza (6.10-11)<\/strong><\/p>\n<p>La exhortaci\u00f3n dominante del pasaje es a \u201cmantenerse firmes\u201d en todo lo que representa el Se\u00f1or Jesucristo para beneficiarse del poder de su fuerza (v. 10). Es necesario, agrega, \u201crevestirse de toda la armadura de Dios\u201d para hacer frente a todas las argucias del diablo (v. 11).<\/p>\n<p style=\"padding-left: 80px;\">Se percibe en este texto una condena del mal que operaba a trav\u00e9s de estructuras y pr\u00e1cticas opresoras de la civilizaci\u00f3n greco-romana, las cuales destrozaban la vida de la vasta mayor\u00eda de la poblaci\u00f3n. Sin obviar las manifestaciones del mal a nivel individual, esta interpretaci\u00f3n se dedica principalmente a mostrar las dimensiones estructurales del mal que campean en el mundo actual y a sugerir c\u00f3mo enfrentar esas estructuras y el mal perpetrado o facilitado por ellas, seg\u00fan las pistas que se encuentran en la met\u00e1fora de la \u201carmadura de Dios\u201d de los vv. 13-17 (I. Foulkes).<\/p>\n<p><strong>Echar mano de toda la armadura de Dios (6.12-13)<\/strong><\/p>\n<p>El v. 12 es bastante prolijo para referirse a esas fuerzas malignas: \u201cLa batalla que libramos no es contra gente de carne y hueso, sino contra <em>principados y potestades<\/em> [<em>arch\u00e1s, exous\u00edas<\/em>], contra <em>los que gobiernan las tinieblas de este mundo<\/em> [<em>kosmokr\u00e1toras tou sk\u00f3tous<\/em>], \u00a1contra <em>huestes [fuerzas] espirituales de maldad en las regiones celestes<\/em> [<em>ta pneum\u00e1tika tes poner\u00edas en tois epouran\u00edois<\/em>]!\u201d. \u201cSan Pablo evoca a las misteriosas Potencias que ejerc\u00edan su acci\u00f3n sobre el mundo, a menudo de forma tir\u00e1nica, antes de la venida de Cristo. Cristo las derrot\u00f3 por su resurrecci\u00f3n, pero su derrota no est\u00e1 consumada, de manera que siguen oponi\u00e9ndose como rivales, al menos en el esp\u00edritu de cierto n\u00famero de creyentes\u201d (E. Cothenet). Irene Foulkes subraya: \u201cAl ser calificados como \u2018del aire\u2019 (2.2),\u2019\u201cde las regiones celestiales\u2019 (3.10; 6.12) y \u2018de las tinieblas\u2019 (6.12), <em>estos poderes trascienden su manifestaci\u00f3n dentro de las situaciones concretas de la sociedad<\/em>. En esta cosmolog\u00eda son, al mismo tiempo, \u2018de este siglo\/mundo\u2019 (1.21; 6.12) y de m\u00e1s all\u00e1 de este mundo\u201d.<\/p>\n<p>Ella misma agrega: \u201cDentro del marco cosmol\u00f3gico conocido, pero con el correctivo del postulado hebreo de un solo Dios supremo, todopoderoso y al mismo tiempo relacionado con el mundo material y los seres humanos, la fe judeo-cristiana subordin\u00f3 a todas las dem\u00e1s entidades espirituales y us\u00f3 aqu\u00ed en Efesios el mismo lenguaje m\u00edtico para demonizar a las autoridades dominantes que marginaban y explotaban a los habitantes de todo el Imperio\u201d (<em>\u00cddem<\/em>). Esta deconstrucci\u00f3n cr\u00edtica y prof\u00e9tica, al se\u00f1alar a estas fuerzas enf\u00e1ticamente, intentaba \u201cneutralizar su poder de intimidar a los grupos cristianos e impedir sus esfuerzos por vivir seg\u00fan el modelo de Jesucristo y crear comunidades alternativas donde la \u2018bondad, justicia y verdad\u2019 (Ef 5.9) sustituyan al ego\u00edsmo y la avaricia (5.1-6.9)\u201d (<em>\u00cddem<\/em>). Sorprende este vocabulario b\u00e9lico en una ep\u00edstola que exalta la obra de Cristo, \u201cnuestra paz\u201d, quien cre\u00f3 \u201cuna nueva humanidad al hacer la paz\u201d entre pueblos enemistados y \u201cproclam\u00f3 la paz\u201d a todos (Ef 2.14-17), pero es necesario afrontar el conflicto con base en el poder divino que garantiza el triunfo individual y colectivo.<\/p>\n<p><strong>Conclusi\u00f3n<\/strong><\/p>\n<p style=\"padding-left: 80px;\">Al evocar las Potencias, Pablo pensaba en las energ\u00edas que se manifiestan en el mundo, energ\u00edas c\u00f3smicas y destino, autoridades pol\u00edticas necesarias pero a menudo tir\u00e1nicas, fuerzas instintivas y oscuras que dirigen el comportamiento de los hombres. Hoy hablamos de ideolog\u00edas que engendran \u201cestructuras de pecado\u201d. El mensaje del Nuevo Testamento no recae sobre el an\u00e1lisis de las leyes que dirigen el cosmos y el devenir de las sociedades: es un mensaje de liberaci\u00f3n en Cristo. Contra todos los fatalismos que provocan el pesimismo y el des\u00e1nimo, Pablo no cesa de decirnos que Cristo nos ha liberado de toda servidumbre, de la servidumbre del destino y de la servidumbre de la Ley, y que nos ha abierto el camino real de la agap\u00e9 (E. Cothenet).<\/p>\n<p>Estas estructuras de pecado son las que hoy deben ser combatidas con el vigor del amor, la solidaridad, la confianza y el compromiso que produce la fe en Jesucristo en las comunidades que desean seguirlo de verdad. La exigencia es doble, porque la parte positiva viene siempre del Se\u00f1or, obviamente, pero la parte negativa es aquella en la que debe mostrarse con toda su intensidad la fuerza y la eficacia de la fe transormadora y de la radicalidad del Nuevo Ser que puede producir Jesucristo en el mundo a trav\u00e9s de su iglesia.<\/p>\n<p><strong>Sugerencias de lectura<\/strong><\/p>\n<ul>\n<li>\u201cBukele sobre las pandillas: \u2018Ganamos la guerra espiritual\u2019\u201d, en <em>Deutsche Welle, <\/em>6 de junio de 2024<em>, <a href=\"http:\/\/www.dw.com\/es\/bukele-dice-que-las-pandillas-son-sat%C3%A1nicas-y-que-or%C3%B3-para-acabar-con-ellas\/a-69289233\">www.dw.com\/es\/bukele-dice-que-las-pandillas-son-sat%C3%A1nicas-y-que-or%C3%B3-para-acabar-con-ellas\/a-69289233<\/a><\/em><\/li>\n<li>Edouard Cothenet, \u201cLas potencias seg\u00fan san Pablo\u201d, en <em>Las cartas a los colosenses y a los efesios. <\/em>Estella, Verbo Divino, 1994 (Cuadernos b\u00edblicos, 82).<\/li>\n<li>Juan Driver, \u201cUna visi\u00f3n b\u00edblica de la guerra espiritual\u201d, en <em>Anabaptist World, <\/em>15 de agosto de 2019, <a href=\"https:\/\/anabaptistworld.org\/una-vision-biblica-de-la-guerra-espiritual.\"><em>https:\/\/anabaptistworld.org\/una-vision-biblica-de-la-guerra-espiritual.<\/em><\/a><\/li>\n<li>Irene Foulkes, \u201cAutoridades, potestades, dominios\u2026 \u00bfQu\u00e9 hacer con \u2018los poderes\u2019 en Efesios?\u201d, en <em>Revista de Interpretaci\u00f3n B\u00edblica Latinoamericana<\/em>, n\u00fam. 68, 2011\/1.<\/li>\n<li>Esteban Voth, \u201cLa guerra espiritual: \u00bfrealidad o ciencia ficci\u00f3n?\u201d, en <em>La guerra espiritual: \u00bfrealidad o ficci\u00f3n? <\/em>Buenos Aires, Ediciones Kair\u00f3s, 2002.<\/li>\n<\/ul>\n","protected":false},"author":4,"featured_media":0,"template":"","categories":[1],"rcl_weeks":[],"authors":[4146],"biblical_books":[5556],"class_list":["post-15342","commentary","type-commentary","status-publish","hentry","category-uncategorized","authors-leopoldo-cervantes-ortiz","biblical_books-efesios-6"],"acf":{"biblical_books":[5556],"type":"non-rcl","legacy_slug":"","legacy_id":"","author":4146,"keywords":"","rcl_week":false,"sunday_name":"","year":"","date":null,"lectionary":false,"description":""},"yoast_head":"<!-- This site is optimized with the Yoast SEO plugin v26.4 - https:\/\/yoast.com\/wordpress\/plugins\/seo\/ -->\n<title>Efesios 6.10-13 - Center for Excellence in Preaching<\/title>\n<meta name=\"robots\" content=\"index, follow, max-snippet:-1, max-image-preview:large, max-video-preview:-1\" \/>\n<link rel=\"canonical\" href=\"https:\/\/cepreaching.org\/es\/commentary\/leopoldo-cervantes-ortiz\/efesios-6-10-13\/\" \/>\n<meta property=\"og:locale\" content=\"es_ES\" \/>\n<meta property=\"og:type\" content=\"article\" \/>\n<meta property=\"og:title\" content=\"Efesios 6.10-13 - Center for Excellence in Preaching\" \/>\n<meta property=\"og:description\" content=\"Prot\u00e9janse con la armadura que Dios les ha dado\u2026 Efesios 6.11a, Traducci\u00f3n en Lenguaje Actual Trasfondo b\u00edblico-teol\u00f3gico En 2024 el reelecto presidente salvadore\u00f1o Nayib Bukele afirm\u00f3 que su gobierno gan\u00f3 una \u201cguerra espiritual\u201d contra las pandillas lo que permiti\u00f3 una pacificaci\u00f3n en esta naci\u00f3n que en alg\u00fan momento fue se\u00f1alada como \u201cla capital mundial del&hellip;\" \/>\n<meta property=\"og:url\" content=\"https:\/\/cepreaching.org\/es\/commentary\/leopoldo-cervantes-ortiz\/efesios-6-10-13\/\" \/>\n<meta property=\"og:site_name\" content=\"Center for Excellence in Preaching\" \/>\n<meta property=\"article:publisher\" content=\"https:\/\/www.facebook.com\/cepreaching\" \/>\n<meta name=\"twitter:card\" content=\"summary_large_image\" \/>\n<meta name=\"twitter:site\" content=\"@calvinseminary\" \/>\n<meta name=\"twitter:label1\" content=\"Tiempo de lectura\" \/>\n\t<meta name=\"twitter:data1\" content=\"6 minutos\" \/>\n<script type=\"application\/ld+json\" class=\"yoast-schema-graph\">{\"@context\":\"https:\/\/schema.org\",\"@graph\":[{\"@type\":\"WebPage\",\"@id\":\"https:\/\/cepreaching.org\/es\/commentary\/leopoldo-cervantes-ortiz\/efesios-6-10-13\/\",\"url\":\"https:\/\/cepreaching.org\/es\/commentary\/leopoldo-cervantes-ortiz\/efesios-6-10-13\/\",\"name\":\"Efesios 6.10-13 - Center for Excellence in Preaching\",\"isPartOf\":{\"@id\":\"https:\/\/cepreaching.org\/es\/#website\"},\"datePublished\":\"2025-05-05T05:00:51+00:00\",\"breadcrumb\":{\"@id\":\"https:\/\/cepreaching.org\/es\/commentary\/leopoldo-cervantes-ortiz\/efesios-6-10-13\/#breadcrumb\"},\"inLanguage\":\"es\",\"potentialAction\":[{\"@type\":\"ReadAction\",\"target\":[\"https:\/\/cepreaching.org\/es\/commentary\/leopoldo-cervantes-ortiz\/efesios-6-10-13\/\"]}]},{\"@type\":\"BreadcrumbList\",\"@id\":\"https:\/\/cepreaching.org\/es\/commentary\/leopoldo-cervantes-ortiz\/efesios-6-10-13\/#breadcrumb\",\"itemListElement\":[{\"@type\":\"ListItem\",\"position\":1,\"name\":\"Home\",\"item\":\"https:\/\/cepreaching.org\/es\/\"},{\"@type\":\"ListItem\",\"position\":2,\"name\":\"Efesios 6.10-13\"}]},{\"@type\":\"WebSite\",\"@id\":\"https:\/\/cepreaching.org\/es\/#website\",\"url\":\"https:\/\/cepreaching.org\/es\/\",\"name\":\"Center for Excellence in Preaching\",\"description\":\"\",\"publisher\":{\"@id\":\"https:\/\/cepreaching.org\/es\/#organization\"},\"potentialAction\":[{\"@type\":\"SearchAction\",\"target\":{\"@type\":\"EntryPoint\",\"urlTemplate\":\"https:\/\/cepreaching.org\/es\/?s={search_term_string}\"},\"query-input\":{\"@type\":\"PropertyValueSpecification\",\"valueRequired\":true,\"valueName\":\"search_term_string\"}}],\"inLanguage\":\"es\"},{\"@type\":\"Organization\",\"@id\":\"https:\/\/cepreaching.org\/es\/#organization\",\"name\":\"Center for Excellence in Preaching\",\"url\":\"https:\/\/cepreaching.org\/es\/\",\"logo\":{\"@type\":\"ImageObject\",\"inLanguage\":\"es\",\"@id\":\"https:\/\/cepreaching.org\/es\/#\/schema\/logo\/image\/\",\"url\":\"https:\/\/cepreaching.org\/wp-content\/uploads\/2021\/08\/ceplogo.png\",\"contentUrl\":\"https:\/\/cepreaching.org\/wp-content\/uploads\/2021\/08\/ceplogo.png\",\"width\":100,\"height\":100,\"caption\":\"Center for Excellence in Preaching\"},\"image\":{\"@id\":\"https:\/\/cepreaching.org\/es\/#\/schema\/logo\/image\/\"},\"sameAs\":[\"https:\/\/www.facebook.com\/cepreaching\",\"https:\/\/x.com\/calvinseminary\"]}]}<\/script>\n<!-- \/ Yoast SEO plugin. -->","yoast_head_json":{"title":"Efesios 6.10-13 - Center for Excellence in Preaching","robots":{"index":"index","follow":"follow","max-snippet":"max-snippet:-1","max-image-preview":"max-image-preview:large","max-video-preview":"max-video-preview:-1"},"canonical":"https:\/\/cepreaching.org\/es\/commentary\/leopoldo-cervantes-ortiz\/efesios-6-10-13\/","og_locale":"es_ES","og_type":"article","og_title":"Efesios 6.10-13 - Center for Excellence in Preaching","og_description":"Prot\u00e9janse con la armadura que Dios les ha dado\u2026 Efesios 6.11a, Traducci\u00f3n en Lenguaje Actual Trasfondo b\u00edblico-teol\u00f3gico En 2024 el reelecto presidente salvadore\u00f1o Nayib Bukele afirm\u00f3 que su gobierno gan\u00f3 una \u201cguerra espiritual\u201d contra las pandillas lo que permiti\u00f3 una pacificaci\u00f3n en esta naci\u00f3n que en alg\u00fan momento fue se\u00f1alada como \u201cla capital mundial del&hellip;","og_url":"https:\/\/cepreaching.org\/es\/commentary\/leopoldo-cervantes-ortiz\/efesios-6-10-13\/","og_site_name":"Center for Excellence in Preaching","article_publisher":"https:\/\/www.facebook.com\/cepreaching","twitter_card":"summary_large_image","twitter_site":"@calvinseminary","twitter_misc":{"Tiempo de lectura":"6 minutos"},"schema":{"@context":"https:\/\/schema.org","@graph":[{"@type":"WebPage","@id":"https:\/\/cepreaching.org\/es\/commentary\/leopoldo-cervantes-ortiz\/efesios-6-10-13\/","url":"https:\/\/cepreaching.org\/es\/commentary\/leopoldo-cervantes-ortiz\/efesios-6-10-13\/","name":"Efesios 6.10-13 - Center for Excellence in Preaching","isPartOf":{"@id":"https:\/\/cepreaching.org\/es\/#website"},"datePublished":"2025-05-05T05:00:51+00:00","breadcrumb":{"@id":"https:\/\/cepreaching.org\/es\/commentary\/leopoldo-cervantes-ortiz\/efesios-6-10-13\/#breadcrumb"},"inLanguage":"es","potentialAction":[{"@type":"ReadAction","target":["https:\/\/cepreaching.org\/es\/commentary\/leopoldo-cervantes-ortiz\/efesios-6-10-13\/"]}]},{"@type":"BreadcrumbList","@id":"https:\/\/cepreaching.org\/es\/commentary\/leopoldo-cervantes-ortiz\/efesios-6-10-13\/#breadcrumb","itemListElement":[{"@type":"ListItem","position":1,"name":"Home","item":"https:\/\/cepreaching.org\/es\/"},{"@type":"ListItem","position":2,"name":"Efesios 6.10-13"}]},{"@type":"WebSite","@id":"https:\/\/cepreaching.org\/es\/#website","url":"https:\/\/cepreaching.org\/es\/","name":"Center for Excellence in Preaching","description":"","publisher":{"@id":"https:\/\/cepreaching.org\/es\/#organization"},"potentialAction":[{"@type":"SearchAction","target":{"@type":"EntryPoint","urlTemplate":"https:\/\/cepreaching.org\/es\/?s={search_term_string}"},"query-input":{"@type":"PropertyValueSpecification","valueRequired":true,"valueName":"search_term_string"}}],"inLanguage":"es"},{"@type":"Organization","@id":"https:\/\/cepreaching.org\/es\/#organization","name":"Center for Excellence in Preaching","url":"https:\/\/cepreaching.org\/es\/","logo":{"@type":"ImageObject","inLanguage":"es","@id":"https:\/\/cepreaching.org\/es\/#\/schema\/logo\/image\/","url":"https:\/\/cepreaching.org\/wp-content\/uploads\/2021\/08\/ceplogo.png","contentUrl":"https:\/\/cepreaching.org\/wp-content\/uploads\/2021\/08\/ceplogo.png","width":100,"height":100,"caption":"Center for Excellence in Preaching"},"image":{"@id":"https:\/\/cepreaching.org\/es\/#\/schema\/logo\/image\/"},"sameAs":["https:\/\/www.facebook.com\/cepreaching","https:\/\/x.com\/calvinseminary"]}]}},"_links":{"self":[{"href":"https:\/\/cepreaching.org\/es\/wp-json\/wp\/v2\/commentary\/15342","targetHints":{"allow":["GET"]}}],"collection":[{"href":"https:\/\/cepreaching.org\/es\/wp-json\/wp\/v2\/commentary"}],"about":[{"href":"https:\/\/cepreaching.org\/es\/wp-json\/wp\/v2\/types\/commentary"}],"author":[{"embeddable":true,"href":"https:\/\/cepreaching.org\/es\/wp-json\/wp\/v2\/users\/4"}],"version-history":[{"count":0,"href":"https:\/\/cepreaching.org\/es\/wp-json\/wp\/v2\/commentary\/15342\/revisions"}],"acf:term":[{"embeddable":true,"taxonomy":"authors","href":"https:\/\/cepreaching.org\/es\/wp-json\/wp\/v2\/authors\/4146"},{"embeddable":true,"taxonomy":"biblical_books","href":"https:\/\/cepreaching.org\/es\/wp-json\/wp\/v2\/biblical_books\/5556"}],"wp:attachment":[{"href":"https:\/\/cepreaching.org\/es\/wp-json\/wp\/v2\/media?parent=15342"}],"wp:term":[{"taxonomy":"category","embeddable":true,"href":"https:\/\/cepreaching.org\/es\/wp-json\/wp\/v2\/categories?post=15342"},{"taxonomy":"rcl_weeks","embeddable":true,"href":"https:\/\/cepreaching.org\/es\/wp-json\/wp\/v2\/rcl_weeks?post=15342"},{"taxonomy":"authors","embeddable":true,"href":"https:\/\/cepreaching.org\/es\/wp-json\/wp\/v2\/authors?post=15342"},{"taxonomy":"biblical_books","embeddable":true,"href":"https:\/\/cepreaching.org\/es\/wp-json\/wp\/v2\/biblical_books?post=15342"}],"curies":[{"name":"wp","href":"https:\/\/api.w.org\/{rel}","templated":true}]}}